{"id":1139,"date":"2020-11-19T07:46:01","date_gmt":"2020-11-19T07:46:01","guid":{"rendered":"https:\/\/www.alpsdentalclinic.com\/?page_id=1139"},"modified":"2020-11-19T07:55:46","modified_gmt":"2020-11-19T07:55:46","slug":"ortodonti","status":"publish","type":"page","link":"https:\/\/www.alpsdentalclinic.com\/index.php\/ortodonti\/","title":{"rendered":"Ortodonti"},"content":{"rendered":"\t\t<div data-elementor-type=\"wp-page\" data-elementor-id=\"1139\" class=\"elementor elementor-1139\" data-elementor-settings=\"[]\">\n\t\t\t<div class=\"elementor-inner\">\n\t\t\t\t<div class=\"elementor-section-wrap\">\n\t\t\t\t\t\t\t<section class=\"elementor-element elementor-element-c95fb74 elementor-section-boxed elementor-section-height-default elementor-section-height-default elementor-section elementor-top-section\" data-id=\"c95fb74\" data-element_type=\"section\">\n\t\t\t\t\t\t<div class=\"elementor-container elementor-column-gap-thegem\">\n\t\t\t\t<div class=\"elementor-row\">\n\t\t\t\t<div class=\"elementor-element elementor-element-4fe33a2 elementor-column elementor-col-100 elementor-top-column\" data-id=\"4fe33a2\" data-element_type=\"column\">\n\t\t\t<div class=\"elementor-column-wrap  elementor-element-populated\">\n\t\t\t\t\t<div class=\"elementor-widget-wrap\">\n\t\t\t\t<section class=\"elementor-element elementor-element-0682f70 elementor-section-boxed elementor-section-height-default elementor-section-height-default elementor-section elementor-inner-section\" data-id=\"0682f70\" data-element_type=\"section\">\n\t\t\t\t\t\t<div class=\"elementor-container elementor-column-gap-thegem\">\n\t\t\t\t<div class=\"elementor-row\">\n\t\t\t\t<div class=\"elementor-element elementor-element-91a7cbb elementor-column elementor-col-50 elementor-inner-column\" data-id=\"91a7cbb\" data-element_type=\"column\">\n\t\t\t<div class=\"elementor-column-wrap  elementor-element-populated\">\n\t\t\t\t\t<div class=\"elementor-widget-wrap\">\n\t\t\t\t<div class=\"elementor-element elementor-element-5666741 elementor-widget elementor-widget-heading\" data-id=\"5666741\" data-element_type=\"widget\" data-widget_type=\"heading.default\">\n\t\t\t\t<div class=\"elementor-widget-container\">\n\t\t\t<h2 class=\"elementor-heading-title elementor-size-medium\">Ortodonti (Di\u015f Teli) Tedavisi <\/h2>\t\t<\/div>\n\t\t\t\t<\/div>\n\t\t\t\t<div class=\"elementor-element elementor-element-48862ba elementor-widget elementor-widget-text-editor\" data-id=\"48862ba\" data-element_type=\"widget\" data-widget_type=\"text-editor.default\">\n\t\t\t\t<div class=\"elementor-widget-container\">\n\t\t\t\t\t<div class=\"elementor-text-editor elementor-clearfix\"><p>Kelime k\u00f6keni ve anlam\u0131 olarak Ortodonti; Latince bir kelimedir ve \u201cd\u00fczg\u00fcn di\u015f\u201d anlam\u0131na gelmektedir. <br \/>\u00c7ocuklar ve yeti\u015fkinlerin \u00e7ene yap\u0131lar\u0131ndaki bozulmalar\u0131n ve bunun bir sonucu olarak di\u015f dizilimi ve \u015fekil bozukluklar\u0131 ile kendini g\u00f6steren rahats\u0131zl\u0131klar ortodontinin \u00e7al\u0131\u015fma alan\u0131d\u0131r. Bu rahats\u0131zl\u0131klar\u0131n te\u015fhisi, tedavisi ve \u00f6nlenmesi i\u00e7in u\u011fra\u015fan bu di\u015f hekimli\u011fi dal\u0131nda e\u011fitim alm\u0131\u015f ve uzmanla\u015fm\u0131\u015f kimselere \u2018\u2019ortodontist\u2019\u2019 denmektedir.<br \/>Ortodontistler \u00e7e\u015fitli nedenlerle \u00e7ene ve di\u015flerde olu\u015fan bozukluklar\u0131, bizzat ortodontik tedavi i\u00e7in hastaya \u00f6zel olarak tasarlanm\u0131\u015f \u00e7e\u015fitli ara\u00e7lar yard\u0131m\u0131yla d\u00fczeltir. Hastaya uygun estetik bir y\u00fcz, sa\u011fl\u0131kl\u0131 bir \u00e7i\u011fneme ve konu\u015fma i\u00e7in fizyolojik olarak da gerekli olan di\u015f ve \u00e7ene uyumunu elde etmek ve t\u00fcm bunlar\u0131n sonucunda etkileyici bir g\u00fcl\u00fc\u015f kazand\u0131rmak ortodontistin temel hedefleri aras\u0131ndad\u0131r<\/p><p>Ortodontik tedavilerde \u00e7ene ve di\u015f sorunlar\u0131 i\u00e7in pek \u00e7ok \u00e7\u00f6z\u00fcm vard\u0131r. Ki\u015filerin rahats\u0131zl\u0131k duydu\u011fu estetik sorunlar\u0131n, genetik bozukluklar\u0131n, fizyolojik aksakl\u0131klar\u0131n d\u00fczeltilebilmesi ad\u0131na uygulanan otodontik tedavinin metotlar\u0131 aras\u0131nda hareketli ortodontik tedavi, sabit ortodontik tedavi, di\u015f telleri (braketler) bulunmaktad\u0131r.<\/p><p>Ancak ortodonti, estetik problemlerden \u00e7ok daha fazlas\u0131d\u0131r. A\u011f\u0131z; v\u00fccudun d\u00fczg\u00fcn i\u015fleyi\u015finin temel bir par\u00e7as\u0131d\u0131r, beslenme d\u00f6ng\u00fcm\u00fcz\u00fcn ilk a\u015famas\u0131n\u0131 olu\u015fturur, v\u00fccudumuza a\u011f\u0131z yoluyla giren bakterilerle ilk m\u00fccadeleyi verir. Bu y\u00f6n\u00fcyle a\u011f\u0131z ve di\u015f yap\u0131s\u0131, fizyolojik ve anatomik b\u00fct\u00fcnl\u00fc\u011f\u00fcm\u00fcz i\u00e7in b\u00fcy\u00fck bir \u00f6nem arz eder.<\/p><\/div>\n\t\t\t\t<\/div>\n\t\t\t\t<\/div>\n\t\t\t\t\t\t<\/div>\n\t\t\t<\/div>\n\t\t<\/div>\n\t\t\t\t<div class=\"elementor-element elementor-element-cc7994b elementor-column elementor-col-50 elementor-inner-column\" data-id=\"cc7994b\" data-element_type=\"column\">\n\t\t\t<div class=\"elementor-column-wrap  elementor-element-populated\">\n\t\t\t\t\t<div class=\"elementor-widget-wrap\">\n\t\t\t\t<div class=\"elementor-element elementor-element-2ca1e26 elementor-widget elementor-widget-image\" data-id=\"2ca1e26\" data-element_type=\"widget\" data-widget_type=\"image.default\">\n\t\t\t\t<div class=\"elementor-widget-container\">\n\t\t\t\t\t<div class=\"elementor-image\">\n\t\t\t\t\t\t\t\t\t\t<img width=\"900\" height=\"400\" src=\"https:\/\/www.alpsdentalclinic.com\/wp-content\/uploads\/2020\/11\/Ortodonti1.jpg\" class=\"attachment-large size-large\" alt=\"\" srcset=\"https:\/\/www.alpsdentalclinic.com\/wp-content\/uploads\/2020\/11\/Ortodonti1.jpg 900w, https:\/\/www.alpsdentalclinic.com\/wp-content\/uploads\/2020\/11\/Ortodonti1-300x133.jpg 300w, https:\/\/www.alpsdentalclinic.com\/wp-content\/uploads\/2020\/11\/Ortodonti1-768x341.jpg 768w\" sizes=\"(max-width: 900px) 100vw, 900px\" \/>\t\t\t\t\t\t\t\t\t\t\t<\/div>\n\t\t\t\t<\/div>\n\t\t\t\t<\/div>\n\t\t\t\t\t\t<\/div>\n\t\t\t<\/div>\n\t\t<\/div>\n\t\t\t\t\t\t<\/div>\n\t\t\t<\/div>\n\t\t<\/section>\n\t\t\t\t<section class=\"elementor-element elementor-element-b2a6bfe elementor-section-boxed elementor-section-height-default elementor-section-height-default elementor-section elementor-inner-section\" data-id=\"b2a6bfe\" data-element_type=\"section\">\n\t\t\t\t\t\t<div class=\"elementor-container elementor-column-gap-thegem\">\n\t\t\t\t<div class=\"elementor-row\">\n\t\t\t\t<div class=\"elementor-element elementor-element-9b1779c elementor-column elementor-col-50 elementor-inner-column\" data-id=\"9b1779c\" data-element_type=\"column\">\n\t\t\t<div class=\"elementor-column-wrap  elementor-element-populated\">\n\t\t\t\t\t<div class=\"elementor-widget-wrap\">\n\t\t\t\t<div class=\"elementor-element elementor-element-76dc85a elementor-widget elementor-widget-image\" data-id=\"76dc85a\" data-element_type=\"widget\" data-widget_type=\"image.default\">\n\t\t\t\t<div class=\"elementor-widget-container\">\n\t\t\t\t\t<div class=\"elementor-image\">\n\t\t\t\t\t\t\t\t\t\t<img width=\"585\" height=\"349\" src=\"https:\/\/www.alpsdentalclinic.com\/wp-content\/uploads\/2020\/11\/ortodonti-dis-teli.jpg\" class=\"attachment-large size-large\" alt=\"\" srcset=\"https:\/\/www.alpsdentalclinic.com\/wp-content\/uploads\/2020\/11\/ortodonti-dis-teli.jpg 585w, https:\/\/www.alpsdentalclinic.com\/wp-content\/uploads\/2020\/11\/ortodonti-dis-teli-300x179.jpg 300w\" sizes=\"(max-width: 585px) 100vw, 585px\" \/>\t\t\t\t\t\t\t\t\t\t\t<\/div>\n\t\t\t\t<\/div>\n\t\t\t\t<\/div>\n\t\t\t\t\t\t<\/div>\n\t\t\t<\/div>\n\t\t<\/div>\n\t\t\t\t<div class=\"elementor-element elementor-element-428b94d elementor-column elementor-col-50 elementor-inner-column\" data-id=\"428b94d\" data-element_type=\"column\">\n\t\t\t<div class=\"elementor-column-wrap  elementor-element-populated\">\n\t\t\t\t\t<div class=\"elementor-widget-wrap\">\n\t\t\t\t<div class=\"elementor-element elementor-element-4692793 elementor-widget elementor-widget-heading\" data-id=\"4692793\" data-element_type=\"widget\" data-widget_type=\"heading.default\">\n\t\t\t\t<div class=\"elementor-widget-container\">\n\t\t\t<h2 class=\"elementor-heading-title elementor-size-medium\">Ortodontik Sorunlar\u0131n Nedeni<\/h2>\t\t<\/div>\n\t\t\t\t<\/div>\n\t\t\t\t<div class=\"elementor-element elementor-element-b237e36 elementor-widget elementor-widget-text-editor\" data-id=\"b237e36\" data-element_type=\"widget\" data-widget_type=\"text-editor.default\">\n\t\t\t\t<div class=\"elementor-widget-container\">\n\t\t\t\t\t<div class=\"elementor-text-editor elementor-clearfix\"><p>Genel olarak kal\u0131tsal yollar ile meydana gelen a\u011f\u0131z, \u00e7ene ve di\u015f yap\u0131s\u0131 bozukluklar\u0131; alt \u00e7enenin ilerde olmas\u0131, \u00e7enelerin yamuk ya da e\u015fit seviyede olmas\u0131, di\u015flerde eksiklik veya \u00e7arp\u0131k yap\u0131, \u00e7enenin kilitlenmesi ya da kas\u0131lmas\u0131, \u00e7ene kemiklerindeki zay\u0131fl\u0131k gibi nedenlerle meydana gelir. Ancak tedavinin uygulanabilmesi i\u00e7in kal\u0131tsall\u0131k \u015fart\u0131 elbette aranmamaktad\u0131r. Bu tip rahats\u0131zl\u0131klar; sonradan geli\u015fen travmalar, fiziksel darbeler veya kazalar sonucunda da meydana gelebilmektedir. Ancak bu gibi sorunlar\u0131n d\u0131\u015f\u0131nda genellikle kal\u0131tsal yol ile ta\u015f\u0131nan yap\u0131 bozukluklar\u0131 \u00e7o\u011funlukla \u00e7ocukluk ya da ergenlik d\u00f6neminde kendini g\u00f6stermeye ba\u015flar. <br \/>8 ila 14 ya\u015f aral\u0131\u011f\u0131nda olan \u00e7ocuklar\u0131n kemik geli\u015fimleri olduk\u00e7a h\u0131zl\u0131d\u0131r, bu d\u00f6nemde di\u015f ve \u00e7ene yap\u0131lar\u0131nda da b\u00fcy\u00fck de\u011fi\u015fiklikler g\u00f6r\u00fcl\u00fcr. \u00d6rne\u011fin s\u00fct di\u015flerinde \u00e7ocuklar\u0131n b\u00fcy\u00fcmesiyle meydana gelen de\u011fi\u015fimler, \u00e7ene yap\u0131s\u0131n\u0131 da do\u011fal olarak etkilemektedir. Fizyolojik olarak normal olan budur. Ortodontik tedavi sonras\u0131 hastan\u0131n fiziksel muayenesi ve yap\u0131lacak di\u011fer tetkikler sonucunda, \u00e7ene ve di\u015f yap\u0131s\u0131ndaki sorunlar kolayl\u0131kla tespit edilebilmektedir. D\u00fczenli olarak takip edilen bir tedavi s\u00fcreci sonras\u0131 hasta sa\u011fl\u0131kl\u0131 bir \u00e7ene ve di\u015f yap\u0131s\u0131na sahip olabilmektedir.<br \/><br \/><\/p><\/div>\n\t\t\t\t<\/div>\n\t\t\t\t<\/div>\n\t\t\t\t\t\t<\/div>\n\t\t\t<\/div>\n\t\t<\/div>\n\t\t\t\t\t\t<\/div>\n\t\t\t<\/div>\n\t\t<\/section>\n\t\t\t\t<section class=\"elementor-element elementor-element-6776e32 elementor-section-boxed elementor-section-height-default elementor-section-height-default elementor-section elementor-inner-section\" data-id=\"6776e32\" data-element_type=\"section\">\n\t\t\t\t\t\t<div class=\"elementor-container elementor-column-gap-thegem\">\n\t\t\t\t<div class=\"elementor-row\">\n\t\t\t\t<div class=\"elementor-element elementor-element-055785a elementor-column elementor-col-50 elementor-inner-column\" data-id=\"055785a\" data-element_type=\"column\">\n\t\t\t<div class=\"elementor-column-wrap  elementor-element-populated\">\n\t\t\t\t\t<div class=\"elementor-widget-wrap\">\n\t\t\t\t<div class=\"elementor-element elementor-element-39e21e5 elementor-widget elementor-widget-heading\" data-id=\"39e21e5\" data-element_type=\"widget\" data-widget_type=\"heading.default\">\n\t\t\t\t<div class=\"elementor-widget-container\">\n\t\t\t<h2 class=\"elementor-heading-title elementor-size-medium\">Ortodontik Sorunlar Nelerdir<\/h2>\t\t<\/div>\n\t\t\t\t<\/div>\n\t\t\t\t<div class=\"elementor-element elementor-element-9d48176 elementor-widget elementor-widget-text-editor\" data-id=\"9d48176\" data-element_type=\"widget\" data-widget_type=\"text-editor.default\">\n\t\t\t\t<div class=\"elementor-widget-container\">\n\t\t\t\t\t<div class=\"elementor-text-editor elementor-clearfix\"><ul><li>Alt \u00e7enenin \u00f6nde veya geride olmas\u0131<\/li><li>T\u0131rnak yeme al\u0131\u015fkanl\u0131\u011f\u0131<\/li><li>Uzun s\u00fcreli emzik kullan\u0131m\u0131<\/li><li>Kas bozukluklar\u0131 (\u00c7ene ve y\u00fcz kaslar\u0131n\u0131n i\u015flevlerinde meydana gelen sorunlar sonucu kemik yap\u0131s\u0131 da bozulabilmektedir.)<\/li><\/ul><\/div>\n\t\t\t\t<\/div>\n\t\t\t\t<\/div>\n\t\t\t\t\t\t<\/div>\n\t\t\t<\/div>\n\t\t<\/div>\n\t\t\t\t<div class=\"elementor-element elementor-element-1135aee elementor-column elementor-col-50 elementor-inner-column\" data-id=\"1135aee\" data-element_type=\"column\">\n\t\t\t<div class=\"elementor-column-wrap\">\n\t\t\t\t\t<div class=\"elementor-widget-wrap\">\n\t\t\t\t\t\t<\/div>\n\t\t\t<\/div>\n\t\t<\/div>\n\t\t\t\t\t\t<\/div>\n\t\t\t<\/div>\n\t\t<\/section>\n\t\t\t\t<section class=\"elementor-element elementor-element-7e9509b elementor-section-boxed elementor-section-height-default elementor-section-height-default elementor-section elementor-inner-section\" data-id=\"7e9509b\" data-element_type=\"section\">\n\t\t\t\t\t\t<div class=\"elementor-container elementor-column-gap-thegem\">\n\t\t\t\t<div class=\"elementor-row\">\n\t\t\t\t<div class=\"elementor-element elementor-element-fc520c8 elementor-column elementor-col-50 elementor-inner-column\" data-id=\"fc520c8\" data-element_type=\"column\">\n\t\t\t<div class=\"elementor-column-wrap  elementor-element-populated\">\n\t\t\t\t\t<div class=\"elementor-widget-wrap\">\n\t\t\t\t<div class=\"elementor-element elementor-element-5a084a0 elementor-widget elementor-widget-heading\" data-id=\"5a084a0\" data-element_type=\"widget\" data-widget_type=\"heading.default\">\n\t\t\t\t<div class=\"elementor-widget-container\">\n\t\t\t<h2 class=\"elementor-heading-title elementor-size-medium\">Ortodonti Tedavisine Ba\u015flama Ya\u015f\u0131<\/h2>\t\t<\/div>\n\t\t\t\t<\/div>\n\t\t\t\t<div class=\"elementor-element elementor-element-d4c90c5 elementor-widget elementor-widget-text-editor\" data-id=\"d4c90c5\" data-element_type=\"widget\" data-widget_type=\"text-editor.default\">\n\t\t\t\t<div class=\"elementor-widget-container\">\n\t\t\t\t\t<div class=\"elementor-text-editor elementor-clearfix\"><p>Ba\u015fvuran hastalar\u0131n ya\u015f ortalamas\u0131na bak\u0131ld\u0131\u011f\u0131nda tedaviye ba\u015flang\u0131\u00e7 ya\u015f\u0131 olduk\u00e7a d\u00fc\u015f\u00fckt\u00fcr. \u00c7\u00fcnk\u00fc daha \u00f6nce de s\u00f6yledi\u011fimiz gibi \u00e7ocuklarda kemik geli\u015fimi \u00e7ok h\u0131zl\u0131d\u0131r ve buna ba\u011fl\u0131 olarak \u00e7ene yap\u0131s\u0131n\u0131n yeti\u015fkinlere nazaran daha kolay \u015fekil alabilmesiyle tedaviler de daha ba\u015far\u0131l\u0131 sonu\u00e7lar vermektedir. \u00c7ene yap\u0131s\u0131 tamamen geli\u015fmi\u015f olan her \u00e7ocuk, ortodonti tedavisi i\u00e7in elveri\u015fli olarak nitelendirilmektedir. Yine de bu tedavinin uygulanabilece\u011fi zaman 12 ila 45 ya\u015f aral\u0131\u011f\u0131d\u0131r. \u0130lerlemi\u015f ya\u015fa sahip bireylere ortodontik tedavilerin yaln\u0131zca baz\u0131 t\u00fcrleri uygulanabilmektedir.<\/p><\/div>\n\t\t\t\t<\/div>\n\t\t\t\t<\/div>\n\t\t\t\t<div class=\"elementor-element elementor-element-bb5ef26 elementor-widget elementor-widget-heading\" data-id=\"bb5ef26\" data-element_type=\"widget\" data-widget_type=\"heading.default\">\n\t\t\t\t<div class=\"elementor-widget-container\">\n\t\t\t<h2 class=\"elementor-heading-title elementor-size-medium\">Ortodontik Tedavi S\u00fcresi<\/h2>\t\t<\/div>\n\t\t\t\t<\/div>\n\t\t\t\t<div class=\"elementor-element elementor-element-e5f6ef1 elementor-widget elementor-widget-text-editor\" data-id=\"e5f6ef1\" data-element_type=\"widget\" data-widget_type=\"text-editor.default\">\n\t\t\t\t<div class=\"elementor-widget-container\">\n\t\t\t\t\t<div class=\"elementor-text-editor elementor-clearfix\"><p>Ortodonti tedavileri yakla\u015f\u0131k olarak 2 y\u0131ld\u0131r. Ancak bu s\u00fcre\u00e7te tedavi kontrol seanslar\u0131 ile ilerlemektedir. Kontrollerin ihmal edilmemesi, hastan\u0131n iyile\u015fme s\u00fcrecini daima olumlu y\u00f6nde etkiler. \u00d6zellikle di\u015f teli uygulamalar\u0131 2 evreden olu\u015fur. Sabit bir bi\u00e7imde yerle\u015ftirilen teller 1 y\u0131l boyunca hastada kal\u0131r. Bu s\u00fcre\u00e7 bittikten ve gerekli iyile\u015fme kaydedildikten sonra \u201ctak-\u00e7\u0131kar\u201d olarak nitelenen hareketli di\u015f tellerine ge\u00e7ilmektedir. Kontrollerle ilerlenen bir tedavi s\u00fcreci her zaman daha ba\u015far\u0131l\u0131d\u0131r.<\/p><\/div>\n\t\t\t\t<\/div>\n\t\t\t\t<\/div>\n\t\t\t\t<div class=\"elementor-element elementor-element-85402e1 elementor-widget elementor-widget-heading\" data-id=\"85402e1\" data-element_type=\"widget\" data-widget_type=\"heading.default\">\n\t\t\t\t<div class=\"elementor-widget-container\">\n\t\t\t<h2 class=\"elementor-heading-title elementor-size-small\">Ortodonti Tedavisinde Di\u015fe Tak\u0131lan Aparatlar<\/h2>\t\t<\/div>\n\t\t\t\t<\/div>\n\t\t\t\t<div class=\"elementor-element elementor-element-6ea66e6 elementor-widget elementor-widget-text-editor\" data-id=\"6ea66e6\" data-element_type=\"widget\" data-widget_type=\"text-editor.default\">\n\t\t\t\t<div class=\"elementor-widget-container\">\n\t\t\t\t\t<div class=\"elementor-text-editor elementor-clearfix\"><p>Ortodonti tedavisinde di\u015flere tak\u0131lan \u00e7e\u015fitli aparatlardan en s\u0131k kullan\u0131lan\u0131 di\u015f telidir. Di\u015f telleri hem yeti\u015fkin hem de 12-14 ya\u015f aras\u0131 hastalarda kullan\u0131labilir. Sabit olarak tak\u0131lan teller en \u00e7ok tercih edilen y\u00f6ntemdir. <br \/>Ortodontik tedavide Lingual (g\u00f6r\u00fcnmez) cihazlar da kullan\u0131labilmektedir. K\u0131sa s\u00fcreli ve daha basit tedaviler i\u00e7in lingual cihaz genellikle en uygun olan\u0131d\u0131r. G\u00f6r\u00fcnmez olu\u015fu sayesinde hastalar taraf\u0131ndan \u00e7ok\u00e7a tercih edilen lingual cihazlarda braketler di\u015flerin i\u00e7 taraf\u0131na yap\u0131\u015ft\u0131r\u0131l\u0131r, b\u00f6ylece di\u015fler aksesuar kullan\u0131m\u0131n\u0131 gizler. \u0130\u015flevsel olarak ise sabit cihazla ayn\u0131d\u0131r. Estetik kazan\u0131ma ek olarak, bu aparat g\u00fcvenlik a\u00e7\u0131s\u0131ndan da olduk\u00e7a avantajl\u0131d\u0131r. Ani bir hareket ya da ihmal sonucunda a\u011f\u0131z i\u00e7erisinde kesilme ve kanama ihtimalleri bu cihazla birlikte elenmi\u015f olur.<br \/><br \/><\/p><\/div>\n\t\t\t\t<\/div>\n\t\t\t\t<\/div>\n\t\t\t\t\t\t<\/div>\n\t\t\t<\/div>\n\t\t<\/div>\n\t\t\t\t<div class=\"elementor-element elementor-element-a062044 elementor-column elementor-col-50 elementor-inner-column\" data-id=\"a062044\" data-element_type=\"column\">\n\t\t\t<div class=\"elementor-column-wrap\">\n\t\t\t\t\t<div class=\"elementor-widget-wrap\">\n\t\t\t\t\t\t<\/div>\n\t\t\t<\/div>\n\t\t<\/div>\n\t\t\t\t\t\t<\/div>\n\t\t\t<\/div>\n\t\t<\/section>\n\t\t\t\t<section class=\"elementor-element elementor-element-5d070d4 elementor-section-boxed elementor-section-height-default elementor-section-height-default elementor-section elementor-inner-section\" data-id=\"5d070d4\" data-element_type=\"section\">\n\t\t\t\t\t\t<div class=\"elementor-container elementor-column-gap-thegem\">\n\t\t\t\t<div class=\"elementor-row\">\n\t\t\t\t<div class=\"elementor-element elementor-element-19083c3 elementor-column elementor-col-100 elementor-inner-column\" data-id=\"19083c3\" data-element_type=\"column\">\n\t\t\t<div class=\"elementor-column-wrap  elementor-element-populated\">\n\t\t\t\t\t<div class=\"elementor-widget-wrap\">\n\t\t\t\t<div class=\"elementor-element elementor-element-f171f02 elementor-widget elementor-widget-heading\" data-id=\"f171f02\" data-element_type=\"widget\" data-widget_type=\"heading.default\">\n\t\t\t\t<div class=\"elementor-widget-container\">\n\t\t\t<h2 class=\"elementor-heading-title elementor-size-medium\">Ortodonti (Di\u015f Teli) Tedavi \u00d6ncesi<\/h2>\t\t<\/div>\n\t\t\t\t<\/div>\n\t\t\t\t\t\t<\/div>\n\t\t\t<\/div>\n\t\t<\/div>\n\t\t\t\t\t\t<\/div>\n\t\t\t<\/div>\n\t\t<\/section>\n\t\t\t\t<div class=\"elementor-element elementor-element-56d5d8b elementor-widget elementor-widget-text-editor\" data-id=\"56d5d8b\" data-element_type=\"widget\" data-widget_type=\"text-editor.default\">\n\t\t\t\t<div class=\"elementor-widget-container\">\n\t\t\t\t\t<div class=\"elementor-text-editor elementor-clearfix\"><p>Ortodonti tedavisi \u00f6ncesinde uzman hekimler taraf\u0131ndan kapsaml\u0131 bir muayene yap\u0131lmal\u0131d\u0131r. Muayene ve tetkiklerden elde edilen bilgiler \u0131\u015f\u0131\u011f\u0131nda en uygun tedavi y\u00f6ntemi belirlenir ve uygulan\u0131r. Hastalar\u0131n di\u015f ve \u00e7ene yap\u0131s\u0131na, y\u00fcz\u00fcn geri kalan k\u0131sm\u0131n\u0131n anatomisine g\u00f6re de \u015fekillenebilen tedavi, kusursuz bir \u015fekilde planlanmal\u0131, \u00e7enede olu\u015fabilecek kal\u0131c\u0131 bir zarara kar\u015f\u0131 \u00f6nlemler al\u0131nmal\u0131d\u0131r.<\/p><\/div>\n\t\t\t\t<\/div>\n\t\t\t\t<\/div>\n\t\t\t\t<div class=\"elementor-element elementor-element-dca746f elementor-widget elementor-widget-heading\" data-id=\"dca746f\" data-element_type=\"widget\" data-widget_type=\"heading.default\">\n\t\t\t\t<div class=\"elementor-widget-container\">\n\t\t\t<h2 class=\"elementor-heading-title elementor-size-medium\">Tedaviye Haz\u0131rl\u0131k<\/h2>\t\t<\/div>\n\t\t\t\t<\/div>\n\t\t\t\t<div class=\"elementor-element elementor-element-c146789 elementor-widget elementor-widget-text-editor\" data-id=\"c146789\" data-element_type=\"widget\" data-widget_type=\"text-editor.default\">\n\t\t\t\t<div class=\"elementor-widget-container\">\n\t\t\t\t\t<div class=\"elementor-text-editor elementor-clearfix\"><p>Tedaviye haz\u0131rl\u0131k s\u00fcrecinde \u00e7ene ve di\u015f yap\u0131s\u0131na uygun kal\u0131plar olu\u015fturulur. Genellikle kilden yap\u0131lan kal\u0131p malzemesi, a\u011f\u0131z i\u00e7erisinde sak\u0131z halini alarak \u00e7enenin \u015feklini kopyalar. Di\u015flerin konumu, mevcut durumu hakk\u0131nda g\u00f6rsel bir \u00f6rnek \u00e7\u0131kar\u0131r. <br \/>Varsa \u00e7\u00fcr\u00fck di\u015flerin temizlenmesi ve uygun tedavilerin uygulanmas\u0131, di\u015f tellerinin daha sa\u011flam, sa\u011fl\u0131kl\u0131 bir \u015fekilde uzun s\u00fcreyle tutunmas\u0131n\u0131 sa\u011flar. \u00d6l\u00e7\u00fclere uygun olarak haz\u0131rlanan di\u015f telleri, hastalar\u0131n ya\u015f\u0131na ve \u00e7ene yap\u0131lar\u0131na g\u00f6re farkl\u0131l\u0131k g\u00f6sterebilmektedir. (Hastalara tak\u0131lacak teller i\u00e7in yine onlar taraf\u0131ndan se\u00e7ilebilen renk se\u00e7enekleri de bulunmaktad\u0131r.) <br \/>Bu a\u015famalardan sonra, s\u0131ra tellerin hastan\u0131n a\u011fz\u0131na yerle\u015ftirilme i\u015flemine gelir. Di\u015f tellerinin hasta a\u011fz\u0131na tak\u0131lmas\u0131 yakla\u015f\u0131k 1 saattir. Yap\u0131lan lokal anestezi sayesinde hasta tedavi esnas\u0131nda herhangi bir ac\u0131 hissetmemektedir.<\/p><\/div>\n\t\t\t\t<\/div>\n\t\t\t\t<\/div>\n\t\t\t\t<div class=\"elementor-element elementor-element-ebacc9e elementor-widget elementor-widget-heading\" data-id=\"ebacc9e\" data-element_type=\"widget\" data-widget_type=\"heading.default\">\n\t\t\t\t<div class=\"elementor-widget-container\">\n\t\t\t<h2 class=\"elementor-heading-title elementor-size-medium\">Ortodonti Tedavisinde Teller Tak\u0131ld\u0131ktan Sonra Dikkat Edilmesi Gerekenler<\/h2>\t\t<\/div>\n\t\t\t\t<\/div>\n\t\t\t\t<div class=\"elementor-element elementor-element-4d576ac elementor-widget elementor-widget-text-editor\" data-id=\"4d576ac\" data-element_type=\"widget\" data-widget_type=\"text-editor.default\">\n\t\t\t\t<div class=\"elementor-widget-container\">\n\t\t\t\t\t<div class=\"elementor-text-editor elementor-clearfix\"><p>Teller tak\u0131ld\u0131ktan sonra dikkat edilmesi gereken en \u00f6nemli unsur beslenmedir. Beslenme al\u0131\u015fkanl\u0131klar\u0131 korunsa da \u00e7i\u011fneme ve yutma s\u0131ras\u0131nda dikkatli olunmal\u0131d\u0131r. \u00c7i\u011fneme s\u0131ras\u0131nda \u00e7enenin a\u015f\u0131r\u0131 hareketi, a\u011f\u0131z i\u00e7erisinde yaralanmalara ya da tellerin kopmas\u0131na sebebiyet verebilmektedir. Sert ve kabuklu yemi\u015fler gibi di\u015f tellerine ve di\u015f yap\u0131s\u0131na zarar verebilecek g\u0131dalar\u0131n t\u00fcketiminden \u00f6zellikle uzak durulmas\u0131 gerekir. \u00c7eneye gere\u011finden fazla bask\u0131 uygulanmas\u0131 tellerin deformasyonuna yol a\u00e7arak damak b\u00f6lgesinde yer alan tel d\u00fc\u011f\u00fcmlerinin de zarar g\u00f6rmesine sebebiyet verebilmektedir. D\u00fc\u011f\u00fcmler damaklara saplanabilir veya s\u0131yr\u0131klarla meydana gelen k\u00fc\u00e7\u00fck \u00e7apta kanamalara sebep olabilir. Ba\u015far\u0131l\u0131 ve a\u011fr\u0131s\u0131z bir tedavi s\u00fcreci i\u00e7in bu hususlara dikkat etmek b\u00fcy\u00fck \u00f6nem ta\u015f\u0131r.<\/p><\/div>\n\t\t\t\t<\/div>\n\t\t\t\t<\/div>\n\t\t\t\t<div class=\"elementor-element elementor-element-5e1e79f elementor-widget elementor-widget-heading\" data-id=\"5e1e79f\" data-element_type=\"widget\" data-widget_type=\"heading.default\">\n\t\t\t\t<div class=\"elementor-widget-container\">\n\t\t\t<h2 class=\"elementor-heading-title elementor-size-medium\">Di\u015f Tellerinin Temizlenmesi<\/h2>\t\t<\/div>\n\t\t\t\t<\/div>\n\t\t\t\t<div class=\"elementor-element elementor-element-de99319 elementor-widget elementor-widget-text-editor\" data-id=\"de99319\" data-element_type=\"widget\" data-widget_type=\"text-editor.default\">\n\t\t\t\t<div class=\"elementor-widget-container\">\n\t\t\t\t\t<div class=\"elementor-text-editor elementor-clearfix\"><p>Ortodontik tedavi sonras\u0131 a\u011f\u0131z i\u00e7ine tak\u0131lan di\u015f telleri ve di\u011fer aparatlar\u0131n temizli\u011fi olduk\u00e7a \u00f6nemlidir. Di\u015f tellerini ve a\u011f\u0131z i\u00e7i aparatlar\u0131n\u0131 temizlemesi, di\u015flerini temiz tutmas\u0131 hastalardan beklenenler aras\u0131ndad\u0131r. Ancak rutin di\u015f f\u0131r\u00e7alama al\u0131\u015fkanl\u0131\u011f\u0131na bak\u0131ld\u0131\u011f\u0131nda di\u015f teline sahip insanlar\u0131n di\u015flerini f\u0131r\u00e7alamas\u0131 onlar\u0131 bazen zorlayabilmektedir. Ancak bu durum ask\u0131ya al\u0131nmamal\u0131, zamanla al\u0131\u015f\u0131laca\u011f\u0131 g\u00f6z \u00f6n\u00fcnde bulundurulmal\u0131d\u0131r. Bu s\u00fcre\u00e7te di\u015f iplerinin, a\u011f\u0131z i\u00e7i \u00e7alkama sular\u0131n\u0131n(gargara) kullan\u0131lmas\u0131 ve bask\u0131 uygulanmadan, d\u00fczenli olarak di\u015flerin f\u0131r\u00e7alanmas\u0131 do\u011fru bir tercih olacakt\u0131r.<\/p><\/div>\n\t\t\t\t<\/div>\n\t\t\t\t<\/div>\n\t\t\t\t\t\t<\/div>\n\t\t\t<\/div>\n\t\t<\/div>\n\t\t\t\t\t\t<\/div>\n\t\t\t<\/div>\n\t\t<\/section>\n\t\t\t\t\t\t<\/div>\n\t\t\t<\/div>\n\t\t<\/div>\n\t\t","protected":false},"excerpt":{"rendered":"<p>Ortodonti (Di\u015f Teli) Tedavisi Kelime k\u00f6keni ve anlam\u0131 olarak Ortodonti; Latince bir kelimedir ve \u201cd\u00fczg\u00fcn di\u015f\u201d anlam\u0131na gelmektedir. \u00c7ocuklar ve&#8230;<\/p>\n","protected":false},"author":1,"featured_media":0,"parent":0,"menu_order":0,"comment_status":"closed","ping_status":"closed","template":"page-fullwidth.php","meta":[],"_links":{"self":[{"href":"https:\/\/www.alpsdentalclinic.com\/index.php\/wp-json\/wp\/v2\/pages\/1139"}],"collection":[{"href":"https:\/\/www.alpsdentalclinic.com\/index.php\/wp-json\/wp\/v2\/pages"}],"about":[{"href":"https:\/\/www.alpsdentalclinic.com\/index.php\/wp-json\/wp\/v2\/types\/page"}],"author":[{"embeddable":true,"href":"https:\/\/www.alpsdentalclinic.com\/index.php\/wp-json\/wp\/v2\/users\/1"}],"replies":[{"embeddable":true,"href":"https:\/\/www.alpsdentalclinic.com\/index.php\/wp-json\/wp\/v2\/comments?post=1139"}],"version-history":[{"count":2,"href":"https:\/\/www.alpsdentalclinic.com\/index.php\/wp-json\/wp\/v2\/pages\/1139\/revisions"}],"predecessor-version":[{"id":1145,"href":"https:\/\/www.alpsdentalclinic.com\/index.php\/wp-json\/wp\/v2\/pages\/1139\/revisions\/1145"}],"wp:attachment":[{"href":"https:\/\/www.alpsdentalclinic.com\/index.php\/wp-json\/wp\/v2\/media?parent=1139"}],"curies":[{"name":"wp","href":"https:\/\/api.w.org\/{rel}","templated":true}]}}